{"id":66,"date":"2018-10-02T13:30:13","date_gmt":"2018-10-02T11:30:13","guid":{"rendered":"https:\/\/ubuntu-coaching.com\/?page_id=66"},"modified":"2018-10-19T09:54:54","modified_gmt":"2018-10-19T07:54:54","slug":"accompagnement-collectif","status":"publish","type":"page","link":"https:\/\/ubuntu-coaching.com\/index.php\/accompagnement-collectif\/","title":{"rendered":"Accompagnement collectif"},"content":{"rendered":"<p>Je vous propose des accompagnements sur-mesure, ajust\u00e9s \u00e0 vos besoins, qu\u2019ils soient centr\u00e9s sur l\u2019individu, les aptitudes relationnelles, le management ou l\u2019organisation.<\/p>\n<p><u>I \u2013 Coh\u00e9sion, Teambuilding et Coaching d\u2019\u00e9quipe<\/u><\/p>\n<p>[show_more more=\u00a0\u00bben savoir plus\u00a0\u00bb less=\u00a0\u00bben voir moins\u00a0\u00bb color=\u00a0\u00bb#0066CC\u00a0\u00bb list=\u00a0\u00bb\u00a0\u00bb align=\u00a0\u00bbleft\u00a0\u00bb size=\u00a0\u00bb100&Prime;]<\/p>\n<p><img loading=\"lazy\" decoding=\"async\" class=\"alignnone wp-image-295\" src=\"https:\/\/ubuntu-coaching.com\/wp-content\/uploads\/2018\/10\/pic-accompagnement1-300x203.jpg\" alt=\"Teambuilding\" width=\"400\" height=\"270\" srcset=\"https:\/\/ubuntu-coaching.com\/wp-content\/uploads\/2018\/10\/pic-accompagnement1-300x203.jpg 300w, https:\/\/ubuntu-coaching.com\/wp-content\/uploads\/2018\/10\/pic-accompagnement1.jpg 560w\" sizes=\"auto, (max-width: 400px) 100vw, 400px\" \/><\/p>\n<p><b><img loading=\"lazy\" decoding=\"async\" class=\"alignnone wp-image-426\" src=\"https:\/\/ubuntu-coaching.com\/wp-content\/uploads\/2018\/10\/picto-color2.png\" alt=\"\" width=\"30\" height=\"28\" \/>\u00a0Besoin de coh\u00e9sion d\u2019\u00e9quipe ?<\/b><br \/>\nUne \u00e9quipe se meut selon une philosophie fond\u00e9e sur l\u2019interd\u00e9pendance. Bien travailler en \u00e9quipe demande une application suivie. Perfectionner le mode de fonctionnement d\u2019une \u00e9quipe, c\u2019est la rendre plus harmonieuse et plus agissante.<\/p>\n<p><strong>Enjeux<\/strong><\/p>\n<ul>\n<li>Avoir des collaborateurs engag\u00e9s et motiv\u00e9s<\/li>\n<li>Que vos collaborateurs communiquent entre eux et soient solidaires dans l\u2019\u00e9quipe<\/li>\n<li>Que l\u2019\u00e9quipe soit performante et que le business avance<\/li>\n<li>\u00catre au clair avec les notions de groupe et d\u2019\u00e9quipe<\/li>\n<li>Un leader identifi\u00e9 et reconnu<\/li>\n<li>Une mission collective et des r\u00f4les d\u00e9finis<\/li>\n<li>Une vision claire<\/li>\n<li>Des r\u00e8gles explicites de fonctionnement<\/li>\n<li>Un mode de prise de d\u00e9cisions<\/li>\n<li>La circulation claire de l\u2019information<\/li>\n<li>Une instance de r\u00e9gulation des d\u00e9saccords<\/li>\n<li>Des valeurs partag\u00e9es<\/li>\n<li>Des signes de reconnaissance<\/li>\n<\/ul>\n<p><img loading=\"lazy\" decoding=\"async\" class=\"alignnone wp-image-297\" src=\"https:\/\/ubuntu-coaching.com\/wp-content\/uploads\/2018\/10\/pic-accompagnement2-300x236.png\" alt=\"coh\u00e9sion d\u2019\u00e9quipe\" width=\"400\" height=\"314\" srcset=\"https:\/\/ubuntu-coaching.com\/wp-content\/uploads\/2018\/10\/pic-accompagnement2-300x236.png 300w, https:\/\/ubuntu-coaching.com\/wp-content\/uploads\/2018\/10\/pic-accompagnement2.png 391w\" sizes=\"auto, (max-width: 400px) 100vw, 400px\" \/><\/p>\n<p><b><img loading=\"lazy\" decoding=\"async\" class=\"alignnone wp-image-426\" src=\"https:\/\/ubuntu-coaching.com\/wp-content\/uploads\/2018\/10\/picto-color2.png\" alt=\"\" width=\"30\" height=\"28\" \/>\u00a0Le Team building<\/b><br \/>\nActivit\u00e9 vivifiante, \u00e9nergisante qui offre un premier \u00e9lan, le Team building se d\u00e9finit comme l\u2019am\u00e9lioration du mode de fonctionnement d\u2019une \u00e9quipe, aux fins de la rendre plus coh\u00e9rente et plus efficace.<\/p>\n<p><strong>Qu\u2019attendre d\u2019un Team building ?<\/strong><\/p>\n<ul>\n<li>B\u00e2tir une vision qui repose sur la mutualit\u00e9 et d\u00e9ployer le bien-\u00eatre de marcher collectivement<\/li>\n<li>Accro\u00eetre la confiance en l\u2019autre et encourager la reconnaissance<\/li>\n<li>Am\u00e9liorer la communication interpersonnelle et anticiper, reconna\u00eetre et r\u00e9gler les conflits de fa\u00e7on efficace<\/li>\n<li>Identifier et mettre en \u0153uvre des solutions aux difficult\u00e9s rencontr\u00e9es\u00a0; am\u00e9liorer la prise de d\u00e9cision<\/li>\n<\/ul>\n<p><strong>En pratique<\/strong><\/p>\n<p>Le choix de l\u2019animation est d\u00e9termin\u00e9 \u00e0 partir d\u2019un objectif op\u00e9rationnel pr\u00e9cis. Le Team Building peut \u00eatre utilis\u00e9 quels que soient l\u2019activit\u00e9 du groupe, le niveau hi\u00e9rarchique et le stade de vie du groupe. Organis\u00e9 sur-mesure, je travaille avec vous main dans la main.<\/p>\n<p>&nbsp;<\/p>\n<p><b><img loading=\"lazy\" decoding=\"async\" class=\"alignnone wp-image-426\" src=\"https:\/\/ubuntu-coaching.com\/wp-content\/uploads\/2018\/10\/picto-color2.png\" alt=\"\" width=\"30\" height=\"28\" \/>\u00a0Le coaching d\u2019\u00e9quipe<\/b><\/p>\n<p>&nbsp;<\/p>\n<p><img loading=\"lazy\" decoding=\"async\" class=\"alignnone wp-image-309\" src=\"https:\/\/ubuntu-coaching.com\/wp-content\/uploads\/2018\/10\/pic-accompagnement3-300x137.jpg\" alt=\"coaching d\u2019\u00e9quipe\" width=\"399\" height=\"182\" srcset=\"https:\/\/ubuntu-coaching.com\/wp-content\/uploads\/2018\/10\/pic-accompagnement3-300x137.jpg 300w, https:\/\/ubuntu-coaching.com\/wp-content\/uploads\/2018\/10\/pic-accompagnement3.jpg 500w\" sizes=\"auto, (max-width: 399px) 100vw, 399px\" \/><\/p>\n<p>&nbsp;<\/p>\n<p>Le coaching d\u2019\u00e9quipe a pour but de d\u00e9velopper la marche d\u2019un groupe de personnes en faisant \u00e9merger des objectifs communs. Il s\u2019inscrit dans la dur\u00e9e et peut inclure des s\u00e9ances de travail personnel entre les s\u00e9ances.<\/p>\n<p><strong>Qu\u2019esp\u00e9rer d\u2019un coaching d\u2019\u00e9quipe ?<\/strong><\/p>\n<p>De nombreux b\u00e9n\u00e9fices peuvent r\u00e9sulter de ce travail :<\/p>\n<ul>\n<li>Meilleure connaissance des personnes entre elles<\/li>\n<li>Croissance de la coop\u00e9ration et de l\u2019entraide<\/li>\n<li>Acquisition r\u00e9ciproque par le partage d\u2019exp\u00e9riences<\/li>\n<li>Sentiment d\u2019appartenance accru<\/li>\n<li>Meilleur circuit de l\u2019information<\/li>\n<li>Relativiser et estimer diff\u00e9remment les situations v\u00e9cues<\/li>\n<\/ul>\n<p>[\/show_more]<\/p>\n<p>&nbsp;<\/p>\n<p><u>II \u2013 Co-d\u00e9veloppement<\/u><\/p>\n<p>[show_more more=\u00a0\u00bben savoir plus\u00a0\u00bb less=\u00a0\u00bben voir moins\u00a0\u00bb color=\u00a0\u00bb#0066CC\u00a0\u00bb list=\u00a0\u00bb\u00a0\u00bb align=\u00a0\u00bbleft\u00a0\u00bb size=\u00a0\u00bb100&Prime;]<\/p>\n<p><img loading=\"lazy\" decoding=\"async\" class=\"alignnone wp-image-311\" src=\"https:\/\/ubuntu-coaching.com\/wp-content\/uploads\/2018\/10\/pic-accompagnement4-300x230.png\" alt=\"Co-d\u00e9veloppement\" width=\"400\" height=\"306\" srcset=\"https:\/\/ubuntu-coaching.com\/wp-content\/uploads\/2018\/10\/pic-accompagnement4-300x230.png 300w, https:\/\/ubuntu-coaching.com\/wp-content\/uploads\/2018\/10\/pic-accompagnement4.png 328w\" sizes=\"auto, (max-width: 400px) 100vw, 400px\" \/><\/p>\n<p><strong>Ou\u00a0comment d\u00e9velopper comp\u00e9tences, bonnes pratiques &amp; neworking dans l\u2019entreprise par une approche collaborative.<\/strong><\/p>\n<p>Le co\u2013d\u00e9veloppement est un mode d\u2019apprentissage qui tire sa puissance et son contenu des pratiques \u00e9chang\u00e9es. C\u2019est une d\u00e9marche pragmatique.<\/p>\n<p>La\u00a0m\u00e9thodologie repose sur des exercices structur\u00e9s portant sur des probl\u00e9matiques v\u00e9cues par les\u00a0 participants dans le cadre de groupes volontaires qui se r\u00e9unissent plusieurs fois par an.<\/p>\n<p>Apprendre des autres et donner aux autres permet de s\u2019enrichir et d\u2019enrichir les pratiques d\u2019accompagnements.<\/p>\n<p>Ces journ\u00e9es permettent d\u2019apprendre \u00e0 aider et \u00e0 \u00eatre aid\u00e9, d\u2019apprendre \u00e0 \u00eatre plus efficace par la pratique et de profiter des compl\u00e9mentarit\u00e9s issues des diff\u00e9rents v\u00e9cus professionnels.<\/p>\n<p>[\/show_more]<\/p>\n<p>&nbsp;<\/p>\n<p><u>III \u2013 L\u2019accompagnement au changement<\/u><\/p>\n<p>[show_more more=\u00a0\u00bben savoir plus\u00a0\u00bb less=\u00a0\u00bben voir moins\u00a0\u00bb color=\u00a0\u00bb#0066CC\u00a0\u00bb list=\u00a0\u00bb\u00a0\u00bb align=\u00a0\u00bbleft\u00a0\u00bb size=\u00a0\u00bb100&Prime;]<\/p>\n<p>Toute modification dans l\u2019entreprise, d\u00e9risoire ou consid\u00e9rable, am\u00e8nera \u00e0 traverser une courbe de deuil pour les individus,\u00a0que ce changement soit :<\/p>\n<ul>\n<li><strong>humain<\/strong>, avec la partance d\u2019un manager ou d\u2019un coll\u00e8gue estim\u00e9, le d\u00e9c\u00e8s d\u2019un protagoniste qui avait \u00e9rig\u00e9 les valeurs de l\u2019entreprise,<\/li>\n<li><strong>organisationnel<\/strong>, avec une fusion ou une r\u00e9organisation,<\/li>\n<li><strong>fonctionnel<\/strong>, avec une modification d\u2019outil informatique engageant une d\u00e9gradation en temps, en comp\u00e9tences et en l\u00e9gitimit\u00e9 dans certains d\u00e9partements,<\/li>\n<li><strong>mat\u00e9riel<\/strong>, avec un d\u00e9m\u00e9nagement de bureau (au bout du couloir ou dans une autre r\u00e9gion)<\/li>\n<\/ul>\n<p>L\u2019entrave adjointe sera corr\u00e9lative \u00e0 l\u2019implication affective et \u00e9motionnelle dans l\u2019objet de la perte.<\/p>\n<p>Ignorer cette \u00e9tape alimentera\u00a0la m\u00e9lancolie des \u00ab\u00a0C\u2019\u00e9tait mieux avant\u2026\u00a0<strong>\u00bb<\/strong>\u00a0et reviendra\u00a0\u00e0 rentrer dans un cercle vicieux de d\u00e9mobilisation, r\u00e9vulsion, hostilit\u00e9,\u00a0insucc\u00e8s \u00e0 r\u00e9p\u00e9tition, etc\u2026<\/p>\n<p>Le gain de temps ne sera qu\u2019\u00e0 courte \u00e9ch\u00e9ance. Sur le long-terme, la perte subsistera sur le mental des collaborateurs et bloquera la croissance de la nouvelle situation.<\/p>\n<p><img loading=\"lazy\" decoding=\"async\" class=\"alignnone wp-image-313\" src=\"https:\/\/ubuntu-coaching.com\/wp-content\/uploads\/2018\/10\/pic-accompagnement5-300x211.png\" alt=\"courbe du deuil\" width=\"399\" height=\"281\" srcset=\"https:\/\/ubuntu-coaching.com\/wp-content\/uploads\/2018\/10\/pic-accompagnement5-300x211.png 300w, https:\/\/ubuntu-coaching.com\/wp-content\/uploads\/2018\/10\/pic-accompagnement5.png 472w\" sizes=\"auto, (max-width: 399px) 100vw, 399px\" \/><\/p>\n<p><span style=\"font-size: x-large;\"><b><span style=\"color: #00a0db;\">M<\/span><span style=\"color: #0e96d5;\">o<\/span><span style=\"color: #1d8ccf;\">n<\/span> <span style=\"color: #3978c4;\">r<\/span><span style=\"color: #476ebe;\">\u00f4<\/span><span style=\"color: #5664b8;\">l<\/span><span style=\"color: #645ab2;\">e<\/span> <span style=\"color: #8046a6;\">d<\/span><span style=\"color: #8f3ca0;\">e<\/span> <span style=\"color: #ab2895;\">c<\/span><span style=\"color: #b91e8f;\">o<\/span><span style=\"color: #c81489;\">a<\/span><span style=\"color: #d60a83;\">c<\/span><span style=\"color: #e4007d;\">h<\/span><\/b><\/span><\/p>\n<p>Ma place, en dehors de l\u2019entreprise et sans implication affective et \u00e9motionnelle, m\u2019autorise \u00e0 \u00e9couter et \u00e0 accompagner les \u00e9changes n\u00e9cessaires.<\/p>\n<p>Je porte mon attention sur les aspects qui\u00a0emp\u00eachent un processus de deuil sain et bloquent le changement,\u00a0comme par exemple <strong>la dissimulation, les non-dits et les rumeurs<\/strong>\u00a0sur l\u2019origine du changement apr\u00e8s un d\u00e9part imm\u00e9diat d\u2019un manager.<\/p>\n<p>Je vous propose de substituer la r\u00e9signation<strong> ambiante<\/strong>\u00a0par la\u00a0<strong>responsabilisation<\/strong>\u00a0de chacun, <strong>organiser l\u2019arriv\u00e9e du suppl\u00e9ant<\/strong>\u00a0dans le cas d\u2019un d\u00e9part.<\/p>\n<p>Fr\u00e9quemment, ces paliers sont omis car les dirigeants travaillent des semaines ou m\u00eame des mois sur une \u00e9volution ce qui leur permet de vivre eux-m\u00eames les \u00e9tapes du deuil progressivement et souvent sans s\u2019en rendre compte. Quand la communication survient, ils se retrouvent en d\u00e9calage avec leurs \u00e9quipes et ne con\u00e7oivent pas ce d\u00e9sordre excessif au regard de leur anticipation.<\/p>\n<p>Pour ce faire, je vous propose d\u2019adapter mes actions par un ensemble de pratiques sp\u00e9cifiques (d\u00e9marche d\u2019audit, restitution analytique, accompagnement des Hommes et des \u00e9quipes par du coaching \u00e0 traverser les phases de mutations qui s\u2019op\u00e8rent\u2026)<\/p>\n<p>[\/show_more]<\/p>\n<p>&nbsp;<\/p>\n<p><u>IV- Mes ateliers<\/u><\/p>\n<p>[show_more more=\u00a0\u00bben savoir plus\u00a0\u00bb less=\u00a0\u00bben voir moins\u00a0\u00bb color=\u00a0\u00bb#0066CC\u00a0\u00bb list=\u00a0\u00bb\u00a0\u00bb align=\u00a0\u00bbleft\u00a0\u00bb size=\u00a0\u00bb100&Prime;]<\/p>\n<p><u><font color=\"#00a0db\">F<\/font><font color=\"#049eda\">i<\/font><font color=\"#079bd8\">c<\/font><font color=\"#0b99d7\">h<\/font><font color=\"#0e96d5\">e<\/font><font color=\"#1294d4\"> <\/font><font color=\"#1591d2\">1<\/font><font color=\"#198fd1\"> <\/font><font color=\"#1d8ccf\">:<\/font><font color=\"#208ace\"> <\/font><font color=\"#2487cc\">S<\/font><font color=\"#2785cb\">\u2019<\/font><font color=\"#2b82c9\">a<\/font><font color=\"#2e80c8\">d<\/font><font color=\"#327dc6\">o<\/font><font color=\"#357bc5\">n<\/font><font color=\"#3978c4\">n<\/font><font color=\"#3d76c2\">e<\/font><font color=\"#4073c1\">r<\/font><font color=\"#4471bf\"> <\/font><font color=\"#476ebe\">\u00e0<\/font><font color=\"#4b6cbc\"> <\/font><font color=\"#4e69bb\">u<\/font><font color=\"#5267b9\">n<\/font><font color=\"#5664b8\"> <\/font><font color=\"#5962b6\">e<\/font><font color=\"#5d5fb5\">s<\/font><font color=\"#605db3\">p<\/font><font color=\"#645ab2\">r<\/font><font color=\"#6758b0\">i<\/font><font color=\"#6b55af\">t<\/font><font color=\"#6e53ad\"> <\/font><font color=\"#7250ac\">p<\/font><font color=\"#764eab\">o<\/font><font color=\"#794ba9\">s<\/font><font color=\"#7d49a8\">i<\/font><font color=\"#8046a6\">t<\/font><font color=\"#8444a5\">i<\/font><font color=\"#8741a3\">f<\/font><font color=\"#8b3fa2\"> <\/font><font color=\"#8f3ca0\">e<\/font><font color=\"#923a9f\">t<\/font><font color=\"#96379d\"> <\/font><font color=\"#99359c\">\u00e0<\/font><font color=\"#9d329a\"> <\/font><font color=\"#a03099\">u<\/font><font color=\"#a42d97\">n<\/font><font color=\"#a72b96\">e<\/font><font color=\"#ab2895\"> <\/font><font color=\"#af2693\">a<\/font><font color=\"#b22392\">t<\/font><font color=\"#b62190\">t<\/font><font color=\"#b91e8f\">i<\/font><font color=\"#bd1c8d\">t<\/font><font color=\"#c0198c\">u<\/font><font color=\"#c4178a\">d<\/font><font color=\"#c81489\">e<\/font><font color=\"#cb1287\"> <\/font><font color=\"#cf0f86\">o<\/font><font color=\"#d20d84\">u<\/font><font color=\"#d60a83\">v<\/font><font color=\"#d90881\">e<\/font><font color=\"#dd0580\">r<\/font><font color=\"#e0037e\">t<\/font><font color=\"#e4007d\">e<\/font><\/u><\/p>\n<p><strong>Finalit\u00e9<\/strong><\/p>\n<p>Cultiver le bien-\u00eatre passe par le fait d\u2019aiguiller intentionnellement son regard vers \u00ab\u00a0ce qui va bien\u00a0\u00bb. Non par d\u00e9ni de ce qui nous afflige, mais parce qu\u2019alimenter un sentiment positif envers les leviers facilitateurs de la vie nous pr\u00e9pare \u00e0 mieux embrasser les situations plus astreignantes.<\/p>\n<p>Il s\u2019agit d\u2019un programme dans lequel nous allons explorer la fa\u00e7on dont on fonctionne et les habitudes que l\u2019on a\u00a0; pour voir comment y introduire un peu plus de l\u00e9g\u00e8ret\u00e9, un peu plus de clart\u00e9 mais aussi plus de joie\u00a0!<\/p>\n<p>Les ateliers se passent en groupe, avec d\u2019autres explorateurs qui viennent faire le m\u00eame travail que vous et cet \u00e9change nous permet de construire votre programme de rituels bien \u00e0 vous\u00a0!<\/p>\n<p>Qu\u2019est-ce qu\u2019on gagne \u00e0 participer \u00e0 un tel atelier\u00a0: \u00e7a \u00e9nergise, \u00e7a apporte du plaisir, on apprend sur soi comme sur les autres, mais surtout le plus puissant, c\u2019est le partage\u00a0! On trouve des outils pour traverser sa vie de fa\u00e7on plus positive, et si on le recommandait \u00e0 un ou une amie, on lui dirait que \u00e7a fait du bien, \u00e7a ensoleille, \u00e7a r\u00e9veille, \u00e7a change la mani\u00e8re de voir les choses !<\/p>\n<p>Quand on se sent bien ou qu\u2019on se sent mieux, c\u2019est contagieux\u00a0! Si on apprenait la psychologie positive \u00e0 l\u2019\u00e9cole, on serait sans doute plus \u00e9quilibr\u00e9 et on ferait plus de choses dans sa vie\u00a0!<\/p>\n<p>&nbsp;<\/p>\n<p><u><font color=\"#00a0db\">F<\/font><font color=\"#069cd9\">i<\/font><font color=\"#0c98d6\">c<\/font><font color=\"#1294d4\">h<\/font><font color=\"#1790d1\">e<\/font><font color=\"#1d8bcf\"> <\/font><font color=\"#2387cd\">2<\/font><font color=\"#2983ca\"> <\/font><font color=\"#2f7fc8\">:<\/font><font color=\"#357bc5\"> <\/font><font color=\"#3a77c3\">O<\/font><font color=\"#4073c0\">c<\/font><font color=\"#466fbe\">c<\/font><font color=\"#4c6bbc\">u<\/font><font color=\"#5267b9\">p<\/font><font color=\"#5862b7\">e<\/font><font color=\"#5e5eb4\">r<\/font><font color=\"#635ab2\"> <\/font><font color=\"#6956b0\">s<\/font><font color=\"#6f52ad\">a<\/font><font color=\"#754eab\"> <\/font><font color=\"#7b4aa8\">p<\/font><font color=\"#8146a6\">l<\/font><font color=\"#8642a4\">a<\/font><font color=\"#8c3ea1\">c<\/font><font color=\"#92399f\">e<\/font><font color=\"#98359c\"> <\/font><font color=\"#9e319a\">f<\/font><font color=\"#a42d98\">a<\/font><font color=\"#aa2995\">c<\/font><font color=\"#af2593\">e<\/font><font color=\"#b52190\"> <\/font><font color=\"#bb1d8e\">\u00e0<\/font><font color=\"#c1198b\"> <\/font><font color=\"#c71589\">a<\/font><font color=\"#cd1087\">u<\/font><font color=\"#d20c84\">t<\/font><font color=\"#d80882\">r<\/font><font color=\"#de047f\">u<\/font><font color=\"#e4007d\">i<\/font><\/u><\/p>\n<p><strong>Finalit\u00e9 <\/strong><\/p>\n<p>Lorsqu\u2019il y a des enjeux dans les relations, s\u2019installent inconsciemment et instinctivement des rapports de force. Chercher \u00e0 comprendre ce qui se joue dans une relation ou dans un groupe, prendre conscience de nos besoins et positions, s\u2019affirmer dans le respect de soi et de l\u2019autre, d\u00e9velopper son assertivit\u00e9.<\/p>\n<p><strong>La relation aux autres<\/strong>\u00a0: Que ce soit dans notre vie professionnelle ou priv\u00e9e, la relation aux autres est indispensable \u00e0 notre \u00e9quilibre psychologique. Les nourritures affectives, le sentiment de reconnaissance, d\u2019appartenance et d\u2019int\u00e9gration sociale sont des \u00e9l\u00e9ments indissociables du bien-\u00eatre moral.<\/p>\n<p>En identifiant notre fa\u00e7on d\u2019entrer et d\u2019\u00eatre en relation, en comblant les manques qui la r\u00e9gissent, nous sortons ou entretenons des r\u00f4les relationnels et des jeux de pouvoir encore pr\u00e9sents dans nos interactions, g\u00e9n\u00e9rant au passage mal-\u00eatre, tensions, conflits et stress, dont les \u00e9motions sont des indicateurs.<\/p>\n<p>Ces jeux de pouvoir s\u2019expriment autant dans nos comportements que dans notre fa\u00e7on de nous exprimer. Aussi nous disposons de deux portes, le positionnement relationnel et la communication,\u00a0pour apprendre \u00e0 construire des relations propices \u00e0 la coop\u00e9ration, \u00e0 la compr\u00e9hension mutuelle, au partage, \u00e0 la solidarit\u00e9, au dialogue. En apprenant \u00e0 sortir des r\u00f4les relationnels, \u00e0 \u00e9couter et entendre, \u00e0 s\u2019exprimer pour \u00eatre entendu et compris, bref, \u00e0 d\u00e9velopper les comp\u00e9tences relationnelles qui feront de nous des gens agr\u00e9ables et motivants, avec qui nos contemporains auront envie de collaborer, des salari\u00e9s qu\u2019on a envie de recruter, des entrepreneurs qu\u2019on a envie de choisir !<\/p>\n<p>&nbsp;<\/p>\n<p><img loading=\"lazy\" decoding=\"async\" class=\"alignnone wp-image-317 size-full\" src=\"https:\/\/ubuntu-coaching.com\/wp-content\/uploads\/2018\/10\/pic-accompagnement6.jpg\" alt=\"\" width=\"600\" height=\"424\" \/><\/p>\n<p>&nbsp;<\/p>\n<p><u><font color=\"#00a0db\">F<\/font><font color=\"#039eda\">i<\/font><font color=\"#079bd8\">c<\/font><font color=\"#0a99d7\">h<\/font><font color=\"#0d97d6\">e<\/font><font color=\"#1194d4\"> <\/font><font color=\"#1492d3\">3<\/font><font color=\"#1790d1\"> <\/font><font color=\"#1a8dd0\">:<\/font><font color=\"#1e8bcf\"> <\/font><font color=\"#2189cd\">G<\/font><font color=\"#2486cc\">\u00e9<\/font><font color=\"#2884cb\">r<\/font><font color=\"#2b82c9\">e<\/font><font color=\"#2e80c8\">r<\/font><font color=\"#327dc7\"> <\/font><font color=\"#357bc5\">s<\/font><font color=\"#3879c4\">e<\/font><font color=\"#3b76c2\">s<\/font><font color=\"#3f74c1\"> <\/font><font color=\"#4272c0\">\u00e9<\/font><font color=\"#456fbe\">m<\/font><font color=\"#496dbd\">o<\/font><font color=\"#4c6bbc\">t<\/font><font color=\"#4f68ba\">i<\/font><font color=\"#5366b9\">o<\/font><font color=\"#5664b8\">n<\/font><font color=\"#5961b6\">s<\/font><font color=\"#5d5fb5\">,<\/font><font color=\"#605db3\"> <\/font><font color=\"#635ab2\">d<\/font><font color=\"#6658b1\">\u00e9<\/font><font color=\"#6a56af\">v<\/font><font color=\"#6d53ae\">e<\/font><font color=\"#7051ad\">l<\/font><font color=\"#744fab\">o<\/font><font color=\"#774daa\">p<\/font><font color=\"#7a4aa9\">p<\/font><font color=\"#7e48a7\">e<\/font><font color=\"#8146a6\">r<\/font><font color=\"#8443a5\"> <\/font><font color=\"#8741a3\">s<\/font><font color=\"#8b3fa2\">o<\/font><font color=\"#8e3ca0\">n<\/font><font color=\"#913a9f\"> <\/font><font color=\"#95389e\">i<\/font><font color=\"#98359c\">n<\/font><font color=\"#9b339b\">t<\/font><font color=\"#9f319a\">e<\/font><font color=\"#a22e98\">l<\/font><font color=\"#a52c97\">l<\/font><font color=\"#a92a96\">i<\/font><font color=\"#ac2794\">g<\/font><font color=\"#af2593\">e<\/font><font color=\"#b22391\">n<\/font><font color=\"#b62090\">c<\/font><font color=\"#b91e8f\">e<\/font><font color=\"#bc1c8d\"> <\/font><font color=\"#c01a8c\">\u00e9<\/font><font color=\"#c3178b\">m<\/font><font color=\"#c61589\">o<\/font><font color=\"#ca1388\">t<\/font><font color=\"#cd1087\">i<\/font><font color=\"#d00e85\">o<\/font><font color=\"#d30c84\">n<\/font><font color=\"#d70982\">n<\/font><font color=\"#da0781\">e<\/font><font color=\"#dd0580\">l<\/font><font color=\"#e1027e\">l<\/font><font color=\"#e4007d\">e<\/font><\/u><\/p>\n<p><img loading=\"lazy\" decoding=\"async\" class=\"alignnone wp-image-319\" src=\"https:\/\/ubuntu-coaching.com\/wp-content\/uploads\/2018\/10\/pic-accompagnement7-300x300.jpg\" alt=\"G\u00e9rer ses \u00e9motions\" width=\"400\" height=\"398\" srcset=\"https:\/\/ubuntu-coaching.com\/wp-content\/uploads\/2018\/10\/pic-accompagnement7-300x300.jpg 300w, https:\/\/ubuntu-coaching.com\/wp-content\/uploads\/2018\/10\/pic-accompagnement7-150x150.jpg 150w, https:\/\/ubuntu-coaching.com\/wp-content\/uploads\/2018\/10\/pic-accompagnement7-768x764.jpg 768w, https:\/\/ubuntu-coaching.com\/wp-content\/uploads\/2018\/10\/pic-accompagnement7.jpg 1024w, https:\/\/ubuntu-coaching.com\/wp-content\/uploads\/2018\/10\/pic-accompagnement7-100x100.jpg 100w\" sizes=\"auto, (max-width: 400px) 100vw, 400px\" \/><\/p>\n<p><strong>Finalit\u00e9 <\/strong><\/p>\n<p>Pendant des si\u00e8cles, la raison a \u00e9t\u00e9 consid\u00e9r\u00e9e comme sup\u00e9rieure \u00e0 l\u2019\u00e9motion. Cette derni\u00e8re \u00e9tant per\u00e7ue comme un obstacle. Aujourd\u2019hui, nous savons que l\u2019\u00eatre humain n\u2019est pas qu\u2019un \u00eatre de raison et que l\u2019\u00e9motion joue une part pr\u00e9pond\u00e9rante dans l\u2019apprentissage, le rapport au monde et la prise de d\u00e9cision. Elles conditionnent la qualit\u00e9 de la collaboration et du leadership, des relations.<\/p>\n<p>Cet atelier d\u2019introspection et d\u2019innovation collective permet de prendre conscience des \u00e9motions qui nous animent et nous guident dans nos actions, de renforcer notre confiance par la transformation de nos sch\u00e9mas mentaux et nos croyances et de d\u00e9velopper une communication authentique bas\u00e9e sur l\u2019\u00e9coute attentive et l\u2019analyse du besoin.<\/p>\n<p>&nbsp;<\/p>\n<p><u><font color=\"#00a0db\">F<\/font><font color=\"#049dd9\">i<\/font><font color=\"#099ad7\">c<\/font><font color=\"#0d97d6\">h<\/font><font color=\"#1294d4\">e<\/font><font color=\"#1691d2\"> <\/font><font color=\"#1a8ed0\">4<\/font><font color=\"#1f8ace\"> <\/font><font color=\"#2387cd\">:<\/font><font color=\"#2784cb\"> <\/font><font color=\"#2c81c9\">P<\/font><font color=\"#307ec7\">r<\/font><font color=\"#357bc5\">e<\/font><font color=\"#3978c4\">n<\/font><font color=\"#3d75c2\">d<\/font><font color=\"#4272c0\">r<\/font><font color=\"#466fbe\">e<\/font><font color=\"#4b6cbc\"> <\/font><font color=\"#4f69ba\">d<\/font><font color=\"#5366b9\">e<\/font><font color=\"#5862b7\"> <\/font><font color=\"#5c5fb5\">l<\/font><font color=\"#605cb3\">a<\/font><font color=\"#6559b1\"> <\/font><font color=\"#6956b0\">h<\/font><font color=\"#6e53ae\">a<\/font><font color=\"#7250ac\">u<\/font><font color=\"#764daa\">t<\/font><font color=\"#7b4aa8\">e<\/font><font color=\"#7f47a7\">u<\/font><font color=\"#8444a5\">r<\/font><font color=\"#8841a3\"> <\/font><font color=\"#8c3ea1\">e<\/font><font color=\"#913a9f\">t<\/font><font color=\"#95379e\"> <\/font><font color=\"#99349c\">a<\/font><font color=\"#9e319a\">p<\/font><font color=\"#a22e98\">a<\/font><font color=\"#a72b96\">i<\/font><font color=\"#ab2895\">s<\/font><font color=\"#af2593\">e<\/font><font color=\"#b42291\">r<\/font><font color=\"#b81f8f\"> <\/font><font color=\"#bd1c8d\">s<\/font><font color=\"#c1198b\">o<\/font><font color=\"#c5168a\">n<\/font><font color=\"#ca1288\"> <\/font><font color=\"#ce0f86\">e<\/font><font color=\"#d20c84\">s<\/font><font color=\"#d70982\">p<\/font><font color=\"#db0681\">r<\/font><font color=\"#e0037f\">i<\/font><font color=\"#e4007d\">t<\/font><\/u><\/p>\n<p><strong>Finalit\u00e9 <\/strong><\/p>\n<p>Etre calme avec soi-m\u00eame pour pouvoir l\u2019\u00eatre avec les autres, avec le monde qui bouge autour de nous, nous attise, nous oblige et nous accule parfois l\u00e0 o\u00f9 on ne le souhaitait pas. Conserver avec soi-m\u00eame un rapport d\u2019int\u00e9grit\u00e9, donn\u00e9e primordiale de l\u2019alignement int\u00e9rieur qui contribue \u00e0 un niveau de bien-\u00eatre psychologique satisfaisant.<\/p>\n<p>&nbsp;<\/p>\n<p><u><font color=\"#00a0db\">F<\/font><font color=\"#049dd9\">i<\/font><font color=\"#089ad8\">c<\/font><font color=\"#0c97d6\">h<\/font><font color=\"#1194d4\">e<\/font><font color=\"#1591d2\"> <\/font><font color=\"#198fd1\">5<\/font><font color=\"#1d8ccf\"> <\/font><font color=\"#2189cd\">:<\/font><font color=\"#2586cc\"> <\/font><font color=\"#2983ca\">R<\/font><font color=\"#2e80c8\">\u00e9<\/font><font color=\"#327dc6\">g<\/font><font color=\"#367ac5\">u<\/font><font color=\"#3a77c3\">l<\/font><font color=\"#3e74c1\">e<\/font><font color=\"#4271c0\">r<\/font><font color=\"#466fbe\"> <\/font><font color=\"#4b6cbc\">s<\/font><font color=\"#4f69bb\">o<\/font><font color=\"#5366b9\">n<\/font><font color=\"#5763b7\"> <\/font><font color=\"#5b60b5\">s<\/font><font color=\"#5f5db4\">t<\/font><font color=\"#635ab2\">r<\/font><font color=\"#6857b0\">e<\/font><font color=\"#6c54af\">s<\/font><font color=\"#7051ad\">s<\/font><font color=\"#744fab\"> <\/font><font color=\"#784ca9\">e<\/font><font color=\"#7c49a8\">t<\/font><font color=\"#8146a6\"> <\/font><font color=\"#8543a4\">c<\/font><font color=\"#8940a3\">o<\/font><font color=\"#8d3da1\">n<\/font><font color=\"#913a9f\">s<\/font><font color=\"#95379d\">o<\/font><font color=\"#99349c\">l<\/font><font color=\"#9e319a\">i<\/font><font color=\"#a22f98\">d<\/font><font color=\"#a62c97\">e<\/font><font color=\"#aa2995\">r<\/font><font color=\"#ae2693\"> <\/font><font color=\"#b22392\">s<\/font><font color=\"#b62090\">a<\/font><font color=\"#bb1d8e\"> <\/font><font color=\"#bf1a8c\">m<\/font><font color=\"#c3178b\">o<\/font><font color=\"#c71489\">t<\/font><font color=\"#cb1187\">i<\/font><font color=\"#cf0f86\">v<\/font><font color=\"#d30c84\">a<\/font><font color=\"#d80982\">t<\/font><font color=\"#dc0680\">i<\/font><font color=\"#e0037f\">o<\/font><font color=\"#e4007d\">n<\/font><\/u><\/p>\n<p><strong>Finalit\u00e9 <\/strong><\/p>\n<p>Aujourd\u2019hui le stress au travail et les risques psychosociaux\u00a0deviennent une pr\u00e9occupation majeure pour les entreprises. Dans la vie courante, nous fonctionnons essentiellement selon deux modes compl\u00e9mentaires\u00a0: le mode Automatique pour les situations simples et connues, et le mode Adaptatif pour les situations complexes et inconnues. Mobiliser un mode mental inad\u00e9quat par rapport \u00e0 un contexte donn\u00e9 peut engendrer tensions et stress. Parce qu\u2019elle donne acc\u00e8s \u00e0 des capacit\u00e9s d\u2019ouverture et d\u2019adaptation, la bascule, consciente et agile d\u2019un mode \u00e0 l\u2019autre est source de bien-\u00eatre.<\/p>\n<p>&nbsp;<\/p>\n<p><u><font color=\"#00a0db\">F<\/font><font color=\"#039eda\">i<\/font><font color=\"#079bd8\">c<\/font><font color=\"#0a99d7\">h<\/font><font color=\"#0d97d5\">e<\/font><font color=\"#1194d4\"> <\/font><font color=\"#1492d3\">6<\/font><font color=\"#1790d1\"> <\/font><font color=\"#1b8dd0\">:<\/font><font color=\"#1e8bcf\"> <\/font><font color=\"#2288cd\">S<\/font><font color=\"#2586cc\">o<\/font><font color=\"#2884ca\">u<\/font><font color=\"#2c81c9\">t<\/font><font color=\"#2f7fc8\">e<\/font><font color=\"#327dc6\">n<\/font><font color=\"#367ac5\">i<\/font><font color=\"#3978c4\">r<\/font><font color=\"#3c76c2\"> <\/font><font color=\"#4073c1\">l<\/font><font color=\"#4371bf\">a<\/font><font color=\"#466fbe\"> <\/font><font color=\"#4a6cbd\">c<\/font><font color=\"#4d6abb\">o<\/font><font color=\"#5068ba\">l<\/font><font color=\"#5465b8\">l<\/font><font color=\"#5763b7\">a<\/font><font color=\"#5b60b6\">b<\/font><font color=\"#5e5eb4\">o<\/font><font color=\"#615cb3\">r<\/font><font color=\"#6559b2\">a<\/font><font color=\"#6857b0\">t<\/font><font color=\"#6b55af\">i<\/font><font color=\"#6f52ad\">o<\/font><font color=\"#7250ac\">n<\/font><font color=\"#754eab\"> <\/font><font color=\"#794ba9\">e<\/font><font color=\"#7c49a8\">t<\/font><font color=\"#7f47a6\"> <\/font><font color=\"#8344a5\">f<\/font><font color=\"#8642a4\">a<\/font><font color=\"#8940a2\">\u00e7<\/font><font color=\"#8d3da1\">o<\/font><font color=\"#903ba0\">n<\/font><font color=\"#94389e\">n<\/font><font color=\"#97369d\">e<\/font><font color=\"#9a349b\">r<\/font><font color=\"#9e319a\"> <\/font><font color=\"#a12f99\">l<\/font><font color=\"#a42d97\">e<\/font><font color=\"#a82a96\"> <\/font><font color=\"#ab2895\">t<\/font><font color=\"#ae2693\">r<\/font><font color=\"#b22392\">a<\/font><font color=\"#b52190\">v<\/font><font color=\"#b81f8f\">a<\/font><font color=\"#bc1c8e\">i<\/font><font color=\"#bf1a8c\">l<\/font><font color=\"#c2188b\"> <\/font><font color=\"#c61589\">c<\/font><font color=\"#c91388\">o<\/font><font color=\"#cd1087\">o<\/font><font color=\"#d00e85\">p<\/font><font color=\"#d30c84\">\u00e9<\/font><font color=\"#d70983\">r<\/font><font color=\"#da0781\">a<\/font><font color=\"#dd0580\">t<\/font><font color=\"#e1027e\">i<\/font><font color=\"#e4007d\">f<\/font><\/u><\/p>\n<p><img loading=\"lazy\" decoding=\"async\" class=\"alignnone wp-image-322\" src=\"https:\/\/ubuntu-coaching.com\/wp-content\/uploads\/2018\/10\/pic-accompagnement8-289x300.png\" alt=\"travail coop\u00e9ratif\" width=\"300\" height=\"311\" \/><\/p>\n<p><strong>Finalit\u00e9 <\/strong><\/p>\n<p>D\u00e9velopper une dynamique de co-cr\u00e9ation et la performance collective d\u2019une \u00e9quipe de fa\u00e7on suivie.<\/p>\n<p><strong>Exemples de missions\u00a0<\/strong><\/p>\n<ul>\n<li>Mettre en \u0153uvre un projet de transformation suite \u00e0 une \u00e9volution de l\u2019environnement<\/li>\n<li>\u00c9quipes\u00a0: cr\u00e9er un nouveau service, r\u00e9ussir un projet pluri-disciplinaire ou un nouveau projet strat\u00e9gique<\/li>\n<li>Renforcer la coh\u00e9sion, d\u00e9velopper la performance collective<\/li>\n<\/ul>\n<p>[\/show_more]<\/p>\n","protected":false},"excerpt":{"rendered":"<p>Je vous propose des accompagnements sur-mesure, ajust\u00e9s \u00e0 vos besoins, qu\u2019ils soient centr\u00e9s sur l\u2019individu, les aptitudes relationnelles, le management ou l\u2019organisation. I \u2013 Coh\u00e9sion, Teambuilding et Coaching d\u2019\u00e9quipe [show_more more=\u00a0\u00bben savoir plus\u00a0\u00bb less=\u00a0\u00bben voir moins\u00a0\u00bb color=\u00a0\u00bb#0066CC\u00a0\u00bb list=\u00a0\u00bb\u00a0\u00bb align=\u00a0\u00bbleft\u00a0\u00bb size=\u00a0\u00bb100&Prime;] \u00a0Besoin de coh\u00e9sion d\u2019\u00e9quipe ? Une \u00e9quipe se meut selon une philosophie fond\u00e9e sur l\u2019interd\u00e9pendance. &hellip; <\/p>\n<p class=\"link-more\"><a href=\"https:\/\/ubuntu-coaching.com\/index.php\/accompagnement-collectif\/\" class=\"more-link\">Continuer la lecture<span class=\"screen-reader-text\"> de &laquo;&nbsp;Accompagnement collectif&nbsp;&raquo;<\/span><\/a><\/p>\n","protected":false},"author":1,"featured_media":0,"parent":0,"menu_order":0,"comment_status":"closed","ping_status":"closed","template":"","meta":{"footnotes":""},"class_list":["post-66","page","type-page","status-publish","hentry"],"_links":{"self":[{"href":"https:\/\/ubuntu-coaching.com\/index.php\/wp-json\/wp\/v2\/pages\/66","targetHints":{"allow":["GET"]}}],"collection":[{"href":"https:\/\/ubuntu-coaching.com\/index.php\/wp-json\/wp\/v2\/pages"}],"about":[{"href":"https:\/\/ubuntu-coaching.com\/index.php\/wp-json\/wp\/v2\/types\/page"}],"author":[{"embeddable":true,"href":"https:\/\/ubuntu-coaching.com\/index.php\/wp-json\/wp\/v2\/users\/1"}],"replies":[{"embeddable":true,"href":"https:\/\/ubuntu-coaching.com\/index.php\/wp-json\/wp\/v2\/comments?post=66"}],"version-history":[{"count":42,"href":"https:\/\/ubuntu-coaching.com\/index.php\/wp-json\/wp\/v2\/pages\/66\/revisions"}],"predecessor-version":[{"id":476,"href":"https:\/\/ubuntu-coaching.com\/index.php\/wp-json\/wp\/v2\/pages\/66\/revisions\/476"}],"wp:attachment":[{"href":"https:\/\/ubuntu-coaching.com\/index.php\/wp-json\/wp\/v2\/media?parent=66"}],"curies":[{"name":"wp","href":"https:\/\/api.w.org\/{rel}","templated":true}]}}